{"id":4966,"date":"2015-07-14T14:50:10","date_gmt":"2015-07-14T12:50:10","guid":{"rendered":"http:\/\/www.baumpflege-winkler.it\/home\/"},"modified":"2023-03-17T12:23:19","modified_gmt":"2023-03-17T11:23:19","slug":"home","status":"publish","type":"page","link":"https:\/\/www.baumpflege-winkler.it\/it\/","title":{"rendered":"Home"},"content":{"rendered":"<div id='full_slider_1'  class='avia-fullwidth-slider main_color avia-shadow   avia-builder-el-0  el_before_av_section  avia-builder-el-first   container_wrap sidebar_right'  ><div  class='avia-slideshow av-36w3up-fa29d7f542742ffb3d28b975e5abcb77 avia-slideshow-no scaling av_slideshow_full avia-fade-slider av-slideshow-ui av-control-minimal av-slideshow-autoplay av-loop-once av-loop-manual-endless av-default-height-applied   avia-slideshow-1' data-slideshow-options=\"{&quot;animation&quot;:&quot;fade&quot;,&quot;autoplay&quot;:true,&quot;loop_autoplay&quot;:&quot;once&quot;,&quot;interval&quot;:5,&quot;loop_manual&quot;:&quot;manual-endless&quot;,&quot;autoplay_stopper&quot;:true,&quot;noNavigation&quot;:false,&quot;bg_slider&quot;:false,&quot;transitionSpeed&quot;:3000,&quot;keep_padding&quot;:false,&quot;hoverpause&quot;:false,&quot;show_slide_delay&quot;:0}\"  itemprop=\"image\" itemscope=\"itemscope\" itemtype=\"https:\/\/schema.org\/ImageObject\" ><ul class='avia-slideshow-inner ' style='padding-bottom: 53.333333333333%;'><li  class='avia-slideshow-slide av-36w3up-fa29d7f542742ffb3d28b975e5abcb77__0  slide-1 slide-odd'><div data-rel='slideshow-1' class='avia-slide-wrap '   ><img decoding=\"async\" class=\"wp-image-4928 avia-img-lazy-loading-not-4928\"  src=\"https:\/\/www.baumpflege-winkler.it\/wp-content\/uploads\/2023\/03\/IMG_8365dax.jpg\" width=\"1500\" height=\"800\" title='IMG_8365dax' alt=''  itemprop=\"thumbnailUrl\" srcset=\"https:\/\/www.baumpflege-winkler.it\/wp-content\/uploads\/2023\/03\/IMG_8365dax.jpg 1500w, https:\/\/www.baumpflege-winkler.it\/wp-content\/uploads\/2023\/03\/IMG_8365dax-300x160.jpg 300w, https:\/\/www.baumpflege-winkler.it\/wp-content\/uploads\/2023\/03\/IMG_8365dax-1030x549.jpg 1030w, https:\/\/www.baumpflege-winkler.it\/wp-content\/uploads\/2023\/03\/IMG_8365dax-768x410.jpg 768w, https:\/\/www.baumpflege-winkler.it\/wp-content\/uploads\/2023\/03\/IMG_8365dax-705x376.jpg 705w\" sizes=\"(max-width: 1500px) 100vw, 1500px\" \/><\/div><\/li><li  class='avia-slideshow-slide av-36w3up-fa29d7f542742ffb3d28b975e5abcb77__1  slide-2 slide-even'><div data-rel='slideshow-1' class='avia-slide-wrap '   ><img decoding=\"async\" class=\"wp-image-4929 avia-img-lazy-loading-not-4929\"  src=\"https:\/\/www.baumpflege-winkler.it\/wp-content\/uploads\/2023\/03\/IMG_8414dax.jpg\" width=\"1500\" height=\"800\" title='IMG_8414dax' alt=''  itemprop=\"thumbnailUrl\" srcset=\"https:\/\/www.baumpflege-winkler.it\/wp-content\/uploads\/2023\/03\/IMG_8414dax.jpg 1500w, https:\/\/www.baumpflege-winkler.it\/wp-content\/uploads\/2023\/03\/IMG_8414dax-300x160.jpg 300w, https:\/\/www.baumpflege-winkler.it\/wp-content\/uploads\/2023\/03\/IMG_8414dax-1030x549.jpg 1030w, https:\/\/www.baumpflege-winkler.it\/wp-content\/uploads\/2023\/03\/IMG_8414dax-768x410.jpg 768w, https:\/\/www.baumpflege-winkler.it\/wp-content\/uploads\/2023\/03\/IMG_8414dax-705x376.jpg 705w\" sizes=\"(max-width: 1500px) 100vw, 1500px\" \/><\/div><\/li><li  class='avia-slideshow-slide av-36w3up-fa29d7f542742ffb3d28b975e5abcb77__2  slide-3 slide-odd'><div data-rel='slideshow-1' class='avia-slide-wrap '   ><img decoding=\"async\" class=\"wp-image-4930 avia-img-lazy-loading-not-4930\"  src=\"https:\/\/www.baumpflege-winkler.it\/wp-content\/uploads\/2023\/03\/IMG_8435dax.jpg\" width=\"1500\" height=\"800\" title='IMG_8435dax' alt=''  itemprop=\"thumbnailUrl\" srcset=\"https:\/\/www.baumpflege-winkler.it\/wp-content\/uploads\/2023\/03\/IMG_8435dax.jpg 1500w, https:\/\/www.baumpflege-winkler.it\/wp-content\/uploads\/2023\/03\/IMG_8435dax-300x160.jpg 300w, https:\/\/www.baumpflege-winkler.it\/wp-content\/uploads\/2023\/03\/IMG_8435dax-1030x549.jpg 1030w, https:\/\/www.baumpflege-winkler.it\/wp-content\/uploads\/2023\/03\/IMG_8435dax-768x410.jpg 768w, https:\/\/www.baumpflege-winkler.it\/wp-content\/uploads\/2023\/03\/IMG_8435dax-705x376.jpg 705w\" sizes=\"(max-width: 1500px) 100vw, 1500px\" \/><\/div><\/li><li  class='avia-slideshow-slide av-36w3up-fa29d7f542742ffb3d28b975e5abcb77__3  slide-4 slide-even'><div data-rel='slideshow-1' class='avia-slide-wrap '   ><img decoding=\"async\" class=\"wp-image-4931 avia-img-lazy-loading-not-4931\"  src=\"https:\/\/www.baumpflege-winkler.it\/wp-content\/uploads\/2023\/03\/IMG_8447dax.jpg\" width=\"1500\" height=\"800\" title='IMG_8447dax' alt=''  itemprop=\"thumbnailUrl\" srcset=\"https:\/\/www.baumpflege-winkler.it\/wp-content\/uploads\/2023\/03\/IMG_8447dax.jpg 1500w, https:\/\/www.baumpflege-winkler.it\/wp-content\/uploads\/2023\/03\/IMG_8447dax-300x160.jpg 300w, https:\/\/www.baumpflege-winkler.it\/wp-content\/uploads\/2023\/03\/IMG_8447dax-1030x549.jpg 1030w, https:\/\/www.baumpflege-winkler.it\/wp-content\/uploads\/2023\/03\/IMG_8447dax-768x410.jpg 768w, https:\/\/www.baumpflege-winkler.it\/wp-content\/uploads\/2023\/03\/IMG_8447dax-705x376.jpg 705w\" sizes=\"(max-width: 1500px) 100vw, 1500px\" \/><\/div><\/li><\/ul><div class='avia-slideshow-arrows avia-slideshow-controls' ><a href='#prev' class='prev-slide ' aria-hidden='true' data-av_icon='\ue87c' data-av_iconfont='entypo-fontello'  tabindex='-1'>Prec<\/a><a href='#next' class='next-slide ' aria-hidden='true' data-av_icon='\ue87d' data-av_iconfont='entypo-fontello'  tabindex='-1'>Succ<\/a><\/div><div class='avia-slideshow-dots avia-slideshow-controls'><a href='#1' class='goto-slide active' >1<\/a><a href='#2' class='goto-slide ' >2<\/a><a href='#3' class='goto-slide ' >3<\/a><a href='#4' class='goto-slide ' >4<\/a><\/div><\/div><\/div>\n<div id='av_section_1'  class='avia-section av-2paqxd-fba67f4e19570023f28c4df01096c841 main_color avia-section-large avia-no-border-styling  avia-builder-el-1  el_after_av_slideshow_full  avia-builder-el-last  avia-bg-style-scroll container_wrap sidebar_right'  ><div class='container av-section-cont-open' ><div class='template-page content  av-content-small alpha units'><div class='post-entry post-entry-type-page post-entry-4966'><div class='entry-content-wrapper clearfix'>\n\n<style type=\"text\/css\" data-created_by=\"avia_inline_auto\" id=\"style-css-av-7hxr5-143c6d2a304e87749b263b98b8e38019\">\n.flex_column.av-7hxr5-143c6d2a304e87749b263b98b8e38019{\n-webkit-border-radius:0px 0px 0px 0px;\n-moz-border-radius:0px 0px 0px 0px;\nborder-radius:0px 0px 0px 0px;\npadding:0px 0px 0px 0px;\n}\n<\/style>\n<div class='flex_column av-7hxr5-143c6d2a304e87749b263b98b8e38019 av_one_fifth  avia-builder-el-2  el_before_av_four_fifth  avia-builder-el-first  first flex_column_div av-animated-generic bottom-to-top av-zero-column-padding '     ><style type=\"text\/css\" data-created_by=\"avia_inline_auto\" id=\"style-css-av-kzwr61s9-6cb40c07db8f7d3c936792c3cdcdaa9f\">\n.avia-image-container.av-kzwr61s9-6cb40c07db8f7d3c936792c3cdcdaa9f img.avia_image{\nbox-shadow:none;\n}\n.avia-image-container.av-kzwr61s9-6cb40c07db8f7d3c936792c3cdcdaa9f .av-image-caption-overlay-center{\ncolor:#ffffff;\n}\n<\/style>\n<div  class='avia-image-container av-kzwr61s9-6cb40c07db8f7d3c936792c3cdcdaa9f av-styling- avia-align-center  avia-builder-el-3  avia-builder-el-no-sibling  av-small-hide av-mini-hide'   itemprop=\"image\" itemscope=\"itemscope\" itemtype=\"https:\/\/schema.org\/ImageObject\" ><div class=\"avia-image-container-inner\"><div class=\"avia-image-overlay-wrap\"><img decoding=\"async\" class='wp-image-4934 avia-img-lazy-loading-not-4934 avia_image ' src=\"https:\/\/www.baumpflege-winkler.it\/wp-content\/uploads\/2023\/03\/tree-4.png\" alt='' title='tree-4'  height=\"180\" width=\"180\"  itemprop=\"thumbnailUrl\" srcset=\"https:\/\/www.baumpflege-winkler.it\/wp-content\/uploads\/2023\/03\/tree-4.png 180w, https:\/\/www.baumpflege-winkler.it\/wp-content\/uploads\/2023\/03\/tree-4-80x80.png 80w, https:\/\/www.baumpflege-winkler.it\/wp-content\/uploads\/2023\/03\/tree-4-36x36.png 36w\" sizes=\"(max-width: 180px) 100vw, 180px\" \/><\/div><\/div><\/div><\/div>\n<style type=\"text\/css\" data-created_by=\"avia_inline_auto\" id=\"style-css-av-2n4hsp-c3b806d2e3998ce357e853caa9fae297\">\n.flex_column.av-2n4hsp-c3b806d2e3998ce357e853caa9fae297{\n-webkit-border-radius:0px 0px 0px 0px;\n-moz-border-radius:0px 0px 0px 0px;\nborder-radius:0px 0px 0px 0px;\npadding:0px 0px 0px 0px;\n}\n<\/style>\n<div class='flex_column av-2n4hsp-c3b806d2e3998ce357e853caa9fae297 av_four_fifth  avia-builder-el-4  el_after_av_one_fifth  el_before_av_one_full  flex_column_div av-animated-generic bottom-to-top av-zero-column-padding '     ><style type=\"text\/css\" data-created_by=\"avia_inline_auto\" id=\"style-css-av-2gtrrd-46a4f2cbe3a01009dbff99621843bec6\">\n#top .av-special-heading.av-2gtrrd-46a4f2cbe3a01009dbff99621843bec6{\npadding-bottom:20px;\ncolor:#000000;\nfont-size:50px;\n}\nbody .av-special-heading.av-2gtrrd-46a4f2cbe3a01009dbff99621843bec6 .av-special-heading-tag .heading-char{\nfont-size:25px;\n}\n#top #wrap_all .av-special-heading.av-2gtrrd-46a4f2cbe3a01009dbff99621843bec6 .av-special-heading-tag{\nfont-size:50px;\n}\n.av-special-heading.av-2gtrrd-46a4f2cbe3a01009dbff99621843bec6 .special-heading-inner-border{\nborder-color:#000000;\n}\n.av-special-heading.av-2gtrrd-46a4f2cbe3a01009dbff99621843bec6 .av-subheading{\nfont-size:15px;\n}\n\n@media only screen and (min-width: 480px) and (max-width: 767px){ \n#top #wrap_all .av-special-heading.av-2gtrrd-46a4f2cbe3a01009dbff99621843bec6 .av-special-heading-tag{\nfont-size:0.8em;\n}\n}\n\n@media only screen and (max-width: 479px){ \n#top #wrap_all .av-special-heading.av-2gtrrd-46a4f2cbe3a01009dbff99621843bec6 .av-special-heading-tag{\nfont-size:0.8em;\n}\n}\n<\/style>\n<div  class='av-special-heading av-2gtrrd-46a4f2cbe3a01009dbff99621843bec6 av-special-heading-h1 custom-color-heading blockquote modern-quote  avia-builder-el-5  avia-builder-el-no-sibling  av-inherit-size'><h1 class='av-special-heading-tag'  itemprop=\"headline\"  ><span class='special_amp'>&#8220;<\/span>Gli alberi meritano il nostro massimo rispetto<span class='special_amp'>&#8221;<\/span>.<\/h1><div class=\"special-heading-border\"><div class=\"special-heading-inner-border\"><\/div><\/div><\/div><\/div><div class='flex_column av-8md01-8fd660cb00aead34ad5d211bd03c0d84 av_one_full  avia-builder-el-6  el_after_av_four_fifth  el_before_av_one_third  first flex_column_div '     ><style type=\"text\/css\" data-created_by=\"avia_inline_auto\" id=\"style-css-av-l0avzg0h-163a8932493b24dfd776889fd5412fd1\">\n#top .av_textblock_section.av-l0avzg0h-163a8932493b24dfd776889fd5412fd1 .avia_textblock{\nfont-size:20px;\ncolor:#000000;\n}\n<\/style>\n<section  class='av_textblock_section av-l0avzg0h-163a8932493b24dfd776889fd5412fd1'  itemscope=\"itemscope\" itemtype=\"https:\/\/schema.org\/CreativeWork\" ><div class='avia_textblock av_inherit_color'  itemprop=\"text\" ><div>\n<p><span lang=\"DE\">La cura degli alberi \u00e8 una parte importante della manutenzione del paesaggio e contribuisce in modo significativo alla salute e alla bellezza degli alberi. <\/span><\/p>\n<\/div>\n<div>\n<p><span lang=\"DE\">La cura degli alberi \u00e8 una specialit\u00e0 che comprende tutti i metodi e le misure che contribuiscono alla conservazione e alla vitalit\u00e0 di un albero. L&#8217;obiettivo \u00e8 evitare sviluppi indesiderati, prevenire malattie, massimizzare la durata della vita dell&#8217;albero e garantire la sicurezza dell&#8217;ambiente. Per soddisfare questi punti, le misure di cura degli alberi dovrebbero essere eseguite regolarmente in modo professionale.<\/span><\/p>\n<\/div>\n<\/div><\/section><\/div>\n<style type=\"text\/css\" data-created_by=\"avia_inline_auto\" id=\"style-css-av-81nmp-4307cb4bbcacdd355536248330bf4297\">\n.flex_column.av-81nmp-4307cb4bbcacdd355536248330bf4297{\n-webkit-border-radius:0px 0px 0px 0px;\n-moz-border-radius:0px 0px 0px 0px;\nborder-radius:0px 0px 0px 0px;\npadding:0px 0px 0px 0px;\n}\n<\/style>\n<div class='flex_column av-81nmp-4307cb4bbcacdd355536248330bf4297 av_one_third  avia-builder-el-8  el_after_av_one_full  el_before_av_one_third  first flex_column_div av-animated-generic bottom-to-top av-zero-column-padding column-top-margin'     ><style type=\"text\/css\" data-created_by=\"avia_inline_auto\" id=\"style-css-av-245n8h-c622209223c2a77b082d4572660ab38d\">\n#top .av_textblock_section.av-245n8h-c622209223c2a77b082d4572660ab38d .avia_textblock{\ncolor:#000000;\n}\n<\/style>\n<section  class='av_textblock_section av-245n8h-c622209223c2a77b082d4572660ab38d'  itemscope=\"itemscope\" itemtype=\"https:\/\/schema.org\/CreativeWork\" ><div class='avia_textblock av_inherit_color'  itemprop=\"text\" ><h3>Il nostro lavoro<\/h3>\n<div>\n<p><span lang=\"DE\">I nostri arboricoltori qualificati utilizzano le tecniche e gli strumenti pi\u00f9 recenti per prendersi cura e mantenere i tuoi alberi. Offriamo una vasta gamma di servizi per la cura degli alberi, dalla rimozione di rami malati e danneggiati alla cura delle chiome. Ci occupiamo anche della rimozione degli alberi, se necessario.<\/span><\/p>\n<\/div>\n<\/div><\/section><br \/>\n\n<style type=\"text\/css\" data-created_by=\"avia_inline_auto\" id=\"style-css-av-lfc5epgw-761eaf1fd57bf4ab416c40dc113a22f7\">\n#top .av_textblock_section.av-lfc5epgw-761eaf1fd57bf4ab416c40dc113a22f7 .avia_textblock{\ncolor:#000000;\n}\n<\/style>\n<section  class='av_textblock_section av-lfc5epgw-761eaf1fd57bf4ab416c40dc113a22f7'  itemscope=\"itemscope\" itemtype=\"https:\/\/schema.org\/CreativeWork\" ><div class='avia_textblock av_inherit_color'  itemprop=\"text\" ><h3>La cura degli alberi \u00e8 importante per noi<\/h3>\n<div>\n<div>\n<p><span lang=\"DE\">Le piante sono molto importanti per noi di Baumpflege Winkler. Siamo particolarmente affezionati agli alberi. Ecco perch\u00e9 da diversi anni ci occupiamo di queste creature speciali. Troppo spesso vediamo alberi in pessime condizioni, trascurati o mutilati per ignoranza. Per cura degli alberi si intende l&#8217;asportazione del legno morto (messa in sicurezza delle persone che vivono sottostanti) e il diradamento o l&#8217;asportazione di rami che disturbano.<\/span><\/p>\n<\/div>\n<div>\n<p><span lang=\"DE\">Questo favorisce la salute degli alberi e previene gli incidenti. Se necessario, la chioma dell&#8217;albero pu\u00f2 anche essere fissata utilizzando una speciale tecnologia a fune.<\/span><\/p>\n<\/div>\n<div>\n<p><span lang=\"DE\">Per poter svolgere questo lavoro abbiamo frequentato diversi corsi di specializzazione. Di conseguenza, siamo in grado di arrampicarci sugli alberi con una piattaforma elevatrice ma soprattutto con la tecnologia di arrampicata su corda.<\/span><\/p>\n<\/div>\n<\/div>\n<\/div><\/section><\/p><\/div>\n<style type=\"text\/css\" data-created_by=\"avia_inline_auto\" id=\"style-css-av-1z08up-c355a001099a8ba0fc4b4c2d81ec772f\">\n.flex_column.av-1z08up-c355a001099a8ba0fc4b4c2d81ec772f{\n-webkit-border-radius:0px 0px 0px 0px;\n-moz-border-radius:0px 0px 0px 0px;\nborder-radius:0px 0px 0px 0px;\npadding:0px 0px 0px 0px;\n}\n<\/style>\n<div class='flex_column av-1z08up-c355a001099a8ba0fc4b4c2d81ec772f av_one_third  avia-builder-el-11  el_after_av_one_third  el_before_av_one_third  flex_column_div av-animated-generic bottom-to-top av-zero-column-padding column-top-margin'     ><style type=\"text\/css\" data-created_by=\"avia_inline_auto\" id=\"style-css-av-1qekpd-11c47cacd2d074831b38b1684e666fcb\">\n#top .av_textblock_section.av-1qekpd-11c47cacd2d074831b38b1684e666fcb .avia_textblock{\ncolor:#000000;\n}\n<\/style>\n<section  class='av_textblock_section av-1qekpd-11c47cacd2d074831b38b1684e666fcb'  itemscope=\"itemscope\" itemtype=\"https:\/\/schema.org\/CreativeWork\" ><div class='avia_textblock av_inherit_color'  itemprop=\"text\" ><h3>Mantenere il valore<\/h3>\n<div>\n<p><span lang=\"DE\">La cura degli alberi non \u00e8 importante solo per la bellezza del giardino o del paesaggio, ma anche per la sicurezza di persone e cose. I nostri arboricoltori sono addestrati e attrezzati per identificare ed eliminare potenziali pericoli derivanti dalla caduta di rami o alberi.<\/span><\/p>\n<\/div>\n<div>\n<p><span lang=\"DE\">Siamo orgogliosi della nostra attenzione alla cura degli alberi sostenibile ed ecologica e il nostro obiettivo \u00e8 mantenere la salute e la bellezza dei vostri alberi senza danneggiare l&#8217;ambiente. Contattaci oggi stesso per una consulenza gratuita e scopri di persona come possiamo mantenere i tuoi alberi in perfette condizioni!<\/span><\/p>\n<\/div>\n<\/div><\/section><br \/>\n\n<style type=\"text\/css\" data-created_by=\"avia_inline_auto\" id=\"style-css-av-lesnlu1l-80903bcd34dca51af106309acb221e54\">\n#top .av-special-heading.av-lesnlu1l-80903bcd34dca51af106309acb221e54{\npadding-bottom:10px;\nfont-size:80px;\n}\nbody .av-special-heading.av-lesnlu1l-80903bcd34dca51af106309acb221e54 .av-special-heading-tag .heading-char{\nfont-size:25px;\n}\n#top #wrap_all .av-special-heading.av-lesnlu1l-80903bcd34dca51af106309acb221e54 .av-special-heading-tag{\nfont-size:80px;\n}\n.av-special-heading.av-lesnlu1l-80903bcd34dca51af106309acb221e54 .av-subheading{\nfont-size:15px;\n}\n\n@media only screen and (min-width: 480px) and (max-width: 767px){ \n#top #wrap_all .av-special-heading.av-lesnlu1l-80903bcd34dca51af106309acb221e54 .av-special-heading-tag{\nfont-size:0.8em;\n}\n}\n\n@media only screen and (max-width: 479px){ \n#top #wrap_all .av-special-heading.av-lesnlu1l-80903bcd34dca51af106309acb221e54 .av-special-heading-tag{\nfont-size:0.8em;\n}\n}\n<\/style>\n<div  class='av-special-heading av-lesnlu1l-80903bcd34dca51af106309acb221e54 av-special-heading-h1 blockquote modern-quote  avia-builder-el-13  el_after_av_textblock  el_before_av_textblock  av-inherit-size'><h1 class='av-special-heading-tag'  itemprop=\"headline\"  ><span class='special_amp'>&#8220;<\/span>Prendersi cura di un albero significa dare forma al futuro.<span class='special_amp'>&#8221;<\/span> <\/h1><div class=\"special-heading-border\"><div class=\"special-heading-inner-border\"><\/div><\/div><\/div><br \/>\n<section  class='av_textblock_section av-lfc3ejq7-2c45e1a61999cdfc2329c051c93bb1a7'  itemscope=\"itemscope\" itemtype=\"https:\/\/schema.org\/CreativeWork\" ><div class='avia_textblock'  itemprop=\"text\" ><div><b><span lang=\"DE\">Klaus K\u00f6rber<\/span><\/b><\/div>\n<\/div><\/section><\/p><\/div>\n<style type=\"text\/css\" data-created_by=\"avia_inline_auto\" id=\"style-css-av-fji4x-0f4c0aaf541093d6056e0068a8a0fbb5\">\n.flex_column.av-fji4x-0f4c0aaf541093d6056e0068a8a0fbb5{\n-webkit-border-radius:0px 0px 0px 0px;\n-moz-border-radius:0px 0px 0px 0px;\nborder-radius:0px 0px 0px 0px;\npadding:0px 0px 0px 0px;\n}\n<\/style>\n<div class='flex_column av-fji4x-0f4c0aaf541093d6056e0068a8a0fbb5 av_one_third  avia-builder-el-15  el_after_av_one_third  el_before_av_hr  flex_column_div av-animated-generic bottom-to-top av-zero-column-padding column-top-margin'     ><style type=\"text\/css\" data-created_by=\"avia_inline_auto\" id=\"style-css-av-700ox-c7eb03220795de5e4359c9ed8df78412\">\n#top .av_textblock_section.av-700ox-c7eb03220795de5e4359c9ed8df78412 .avia_textblock{\ncolor:#000000;\n}\n<\/style>\n<section  class='av_textblock_section av-700ox-c7eb03220795de5e4359c9ed8df78412'  itemscope=\"itemscope\" itemtype=\"https:\/\/schema.org\/CreativeWork\" ><div class='avia_textblock av_inherit_color'  itemprop=\"text\" ><div>\n<h3>Ti aspettiamo<\/h3>\n<p><span lang=\"DE\">Lascia che ti aiutiamo a mantenere i tuoi alberi sani e belli. Contattaci oggi per fissare un appuntamento professionale per la cura degli alberi!<\/span><\/p>\n<\/div>\n<p><img loading=\"lazy\" decoding=\"async\" class=\"alignnone size-full wp-image-4823\" src=\"http:\/\/103246.web.zcom.it\/wp-content\/uploads\/2023\/03\/Fabian_500.jpg\" alt=\"\" width=\"500\" height=\"506\" srcset=\"https:\/\/www.baumpflege-winkler.it\/wp-content\/uploads\/2023\/03\/Fabian_500.jpg 500w, https:\/\/www.baumpflege-winkler.it\/wp-content\/uploads\/2023\/03\/Fabian_500-296x300.jpg 296w, https:\/\/www.baumpflege-winkler.it\/wp-content\/uploads\/2023\/03\/Fabian_500-80x80.jpg 80w, https:\/\/www.baumpflege-winkler.it\/wp-content\/uploads\/2023\/03\/Fabian_500-36x36.jpg 36w\" sizes=\"auto, (max-width: 500px) 100vw, 500px\" \/><\/p>\n<\/div><\/section><\/div><div  class='hr av-b1oip-23b3626da4c93109f2f1b8fd82cd726b hr-default  avia-builder-el-17  el_after_av_one_third  el_before_av_one_third '><span class='hr-inner '><span class=\"hr-inner-style\"><\/span><\/span><\/div>\n<div class='flex_column av-in0sp-3d9156ddbb92cc004091f9073fa1861a av_one_third  avia-builder-el-18  el_after_av_hr  el_before_av_one_third  first flex_column_div '     ><p>\n<style type=\"text\/css\" data-created_by=\"avia_inline_auto\" id=\"style-css-av-l0telf8d-d66c0eef946c0bcb4f608aebaa5b00a0\">\n#top .av-special-heading.av-l0telf8d-d66c0eef946c0bcb4f608aebaa5b00a0{\npadding-bottom:10px;\n}\nbody .av-special-heading.av-l0telf8d-d66c0eef946c0bcb4f608aebaa5b00a0 .av-special-heading-tag .heading-char{\nfont-size:25px;\n}\n.av-special-heading.av-l0telf8d-d66c0eef946c0bcb4f608aebaa5b00a0 .av-subheading{\nfont-size:15px;\n}\n<\/style>\n<div  class='av-special-heading av-l0telf8d-d66c0eef946c0bcb4f608aebaa5b00a0 av-special-heading-h3  avia-builder-el-19  el_before_av_image  avia-builder-el-first  av-linked-heading'><h3 class='av-special-heading-tag'  itemprop=\"headline\"  ><a class=\"av-heading-link\" href=\"https:\/\/www.baumpflege-winkler.it\/contact\/\">Richiesta rapida per mail<\/a><\/h3><div class=\"special-heading-border\"><div class=\"special-heading-inner-border\"><\/div><\/div><\/div><br \/>\n\n<style type=\"text\/css\" data-created_by=\"avia_inline_auto\" id=\"style-css-av-l0tel75e-4449669c6858aa4f01690efc3b5f2aaf\">\n.avia-image-container.av-l0tel75e-4449669c6858aa4f01690efc3b5f2aaf img.avia_image{\nbox-shadow:none;\n}\n.avia-image-container.av-l0tel75e-4449669c6858aa4f01690efc3b5f2aaf .av-caption-image-overlay-bg{\nopacity:0.4;\nbackground-color:#000000;\n}\n.avia-image-container.av-l0tel75e-4449669c6858aa4f01690efc3b5f2aaf .av-image-caption-overlay-center{\ncolor:#ffffff;\n}\n<\/style>\n<div  class='avia-image-container av-l0tel75e-4449669c6858aa4f01690efc3b5f2aaf av-styling- avia-align-center  avia-builder-el-20  el_after_av_heading  avia-builder-el-last  noHover av-overlay-hover-deactivate'   itemprop=\"image\" itemscope=\"itemscope\" itemtype=\"https:\/\/schema.org\/ImageObject\" ><div class=\"avia-image-container-inner\"><div class=\"avia-image-overlay-wrap\"><a href=\"https:\/\/www.baumpflege-winkler.it\/it\/contatto\/\" class='avia_image'  target=\"_blank\"  rel=\"noopener noreferrer\"><div class=\"av-image-caption-overlay\"><div class=\"av-caption-image-overlay-bg\"><\/div><div class=\"av-image-caption-overlay-position\"><div class=\"av-image-caption-overlay-center\"><p>Rispondi a qualche domanda.<\/p>\n<\/div><\/div><\/div><img decoding=\"async\" class='wp-image-4958 avia-img-lazy-loading-not-4958 avia_image ' src=\"https:\/\/www.baumpflege-winkler.it\/wp-content\/uploads\/2023\/03\/shutterstock_373445929-845x684-1.jpg\" alt='' title='shutterstock_373445929-845x684-1'  height=\"684\" width=\"845\"  itemprop=\"thumbnailUrl\" srcset=\"https:\/\/www.baumpflege-winkler.it\/wp-content\/uploads\/2023\/03\/shutterstock_373445929-845x684-1.jpg 845w, https:\/\/www.baumpflege-winkler.it\/wp-content\/uploads\/2023\/03\/shutterstock_373445929-845x684-1-300x243.jpg 300w, https:\/\/www.baumpflege-winkler.it\/wp-content\/uploads\/2023\/03\/shutterstock_373445929-845x684-1-768x622.jpg 768w, https:\/\/www.baumpflege-winkler.it\/wp-content\/uploads\/2023\/03\/shutterstock_373445929-845x684-1-495x400.jpg 495w, https:\/\/www.baumpflege-winkler.it\/wp-content\/uploads\/2023\/03\/shutterstock_373445929-845x684-1-705x571.jpg 705w\" sizes=\"(max-width: 845px) 100vw, 845px\" \/><\/a><\/div><\/div><\/div><\/p><\/div><div class='flex_column av-1dhsp-13ebfab4b7f96c6644723bf7145371ff av_one_third  avia-builder-el-21  el_after_av_one_third  el_before_av_one_third  flex_column_div '     ><p>\n<style type=\"text\/css\" data-created_by=\"avia_inline_auto\" id=\"style-css-av-l0temide-a5b58ff1939fb5082952a7f6a10b38c3\">\n#top .av-special-heading.av-l0temide-a5b58ff1939fb5082952a7f6a10b38c3{\npadding-bottom:10px;\n}\nbody .av-special-heading.av-l0temide-a5b58ff1939fb5082952a7f6a10b38c3 .av-special-heading-tag .heading-char{\nfont-size:25px;\n}\n.av-special-heading.av-l0temide-a5b58ff1939fb5082952a7f6a10b38c3 .av-subheading{\nfont-size:15px;\n}\n<\/style>\n<div  class='av-special-heading av-l0temide-a5b58ff1939fb5082952a7f6a10b38c3 av-special-heading-h3  avia-builder-el-22  el_before_av_image  avia-builder-el-first '><h3 class='av-special-heading-tag'  itemprop=\"headline\"  >La linea diretta con il capo<\/h3><div class=\"special-heading-border\"><div class=\"special-heading-inner-border\"><\/div><\/div><\/div><br \/>\n\n<style type=\"text\/css\" data-created_by=\"avia_inline_auto\" id=\"style-css-av-l0teob8g-14baec02d183e06069d6a0932d054cbd\">\n.avia-image-container.av-l0teob8g-14baec02d183e06069d6a0932d054cbd img.avia_image{\nbox-shadow:none;\n}\n.avia-image-container.av-l0teob8g-14baec02d183e06069d6a0932d054cbd .av-caption-image-overlay-bg{\nopacity:0.4;\nbackground-color:#000000;\n}\n.avia-image-container.av-l0teob8g-14baec02d183e06069d6a0932d054cbd .av-image-caption-overlay-center{\ncolor:#f7f7f7;\n}\n<\/style>\n<div  class='avia-image-container av-l0teob8g-14baec02d183e06069d6a0932d054cbd av-styling- avia-align-center  avia-builder-el-23  el_after_av_heading  avia-builder-el-last  noHover av-overlay-hover-deactivate'   itemprop=\"image\" itemscope=\"itemscope\" itemtype=\"https:\/\/schema.org\/ImageObject\" ><div class=\"avia-image-container-inner\"><div class=\"avia-image-overlay-wrap\"><div class=\"av-image-caption-overlay\"><div class=\"av-caption-image-overlay-bg\"><\/div><div class=\"av-image-caption-overlay-position\"><div class=\"av-image-caption-overlay-center\"><p>0474 78 00 28 &#8211; Fabian Winkler non vede l&#8217;ora della tua chiamata.<\/p>\n<\/div><\/div><\/div><img decoding=\"async\" class='wp-image-4959 avia-img-lazy-loading-not-4959 avia_image ' src=\"https:\/\/www.baumpflege-winkler.it\/wp-content\/uploads\/2023\/03\/IMG_9396_kl-845x684-1.jpg\" alt='' title='IMG_9396_kl-845x684-1'  height=\"684\" width=\"845\"  itemprop=\"thumbnailUrl\" srcset=\"https:\/\/www.baumpflege-winkler.it\/wp-content\/uploads\/2023\/03\/IMG_9396_kl-845x684-1.jpg 845w, https:\/\/www.baumpflege-winkler.it\/wp-content\/uploads\/2023\/03\/IMG_9396_kl-845x684-1-300x243.jpg 300w, https:\/\/www.baumpflege-winkler.it\/wp-content\/uploads\/2023\/03\/IMG_9396_kl-845x684-1-768x622.jpg 768w, https:\/\/www.baumpflege-winkler.it\/wp-content\/uploads\/2023\/03\/IMG_9396_kl-845x684-1-495x400.jpg 495w, https:\/\/www.baumpflege-winkler.it\/wp-content\/uploads\/2023\/03\/IMG_9396_kl-845x684-1-705x571.jpg 705w\" sizes=\"(max-width: 845px) 100vw, 845px\" \/><\/div><\/div><\/div><\/p><\/div>\n<style type=\"text\/css\" data-created_by=\"avia_inline_auto\" id=\"style-css-av-8xkjt-9c4567e663f97fa4109ce71aa0fadeb6\">\n.flex_column.av-8xkjt-9c4567e663f97fa4109ce71aa0fadeb6{\nbackground:url(https:\/\/www.baumpflege-winkler.it\/wp-content\/uploads\/2023\/03\/IMG_8435dax-300x160.jpg) 0% 0% no-repeat scroll ;\n}\n<\/style>\n<div class='flex_column av-8xkjt-9c4567e663f97fa4109ce71aa0fadeb6 av_one_third  avia-builder-el-24  el_after_av_one_third  el_before_av_hr  flex_column_div '     ><p>\n<style type=\"text\/css\" data-created_by=\"avia_inline_auto\" id=\"style-css-av-l0tempro-ed4bb3b5eb9e9d4f846f12df33d95d46\">\n#top .av-special-heading.av-l0tempro-ed4bb3b5eb9e9d4f846f12df33d95d46{\npadding-bottom:10px;\n}\nbody .av-special-heading.av-l0tempro-ed4bb3b5eb9e9d4f846f12df33d95d46 .av-special-heading-tag .heading-char{\nfont-size:25px;\n}\n.av-special-heading.av-l0tempro-ed4bb3b5eb9e9d4f846f12df33d95d46 .av-subheading{\nfont-size:15px;\n}\n<\/style>\n<div  class='av-special-heading av-l0tempro-ed4bb3b5eb9e9d4f846f12df33d95d46 av-special-heading-h3  avia-builder-el-25  el_before_av_image  avia-builder-el-first  av-linked-heading'><h3 class='av-special-heading-tag'  itemprop=\"headline\"  ><a class=\"av-heading-link\" href=\"https:\/\/www.baumpflege-winkler.it\/baumpflege-warum\/\">Cura degli alberi &#8211; perch\u00e8?<\/a><\/h3><div class=\"special-heading-border\"><div class=\"special-heading-inner-border\"><\/div><\/div><\/div><br \/>\n\n<style type=\"text\/css\" data-created_by=\"avia_inline_auto\" id=\"style-css-av-l0teomub-f3c4b4b47a590f5451fa46fe79720464\">\n.avia-image-container.av-l0teomub-f3c4b4b47a590f5451fa46fe79720464 img.avia_image{\nbox-shadow:none;\n}\n.avia-image-container.av-l0teomub-f3c4b4b47a590f5451fa46fe79720464 .av-caption-image-overlay-bg{\nopacity:0.4;\nbackground-color:#000000;\n}\n.avia-image-container.av-l0teomub-f3c4b4b47a590f5451fa46fe79720464 .av-image-caption-overlay-center{\ncolor:#ffffff;\n}\n<\/style>\n<div  class='avia-image-container av-l0teomub-f3c4b4b47a590f5451fa46fe79720464 av-styling- avia-align-center  avia-builder-el-26  el_after_av_heading  avia-builder-el-last  noHover av-overlay-hover-deactivate'   itemprop=\"image\" itemscope=\"itemscope\" itemtype=\"https:\/\/schema.org\/ImageObject\" ><div class=\"avia-image-container-inner\"><div class=\"avia-image-overlay-wrap\"><a href=\"https:\/\/www.baumpflege-winkler.it\/it\/cura-degli-alberi-perche\/\" class='avia_image'  target=\"_blank\"  rel=\"noopener noreferrer\"><div class=\"av-image-caption-overlay\"><div class=\"av-caption-image-overlay-bg\"><\/div><div class=\"av-image-caption-overlay-position\"><div class=\"av-image-caption-overlay-center\"><p>Per l&#8217;ambiente, l&#8217;albero, la sicurezza, lo sguardo<\/p>\n<\/div><\/div><\/div><img decoding=\"async\" class='wp-image-4930 avia-img-lazy-loading-not-4930 avia_image ' src=\"https:\/\/www.baumpflege-winkler.it\/wp-content\/uploads\/2023\/03\/IMG_8435dax-845x684.jpg\" alt='' title='IMG_8435dax'  height=\"684\" width=\"845\"  itemprop=\"thumbnailUrl\" srcset=\"https:\/\/www.baumpflege-winkler.it\/wp-content\/uploads\/2023\/03\/IMG_8435dax-845x684.jpg 845w, https:\/\/www.baumpflege-winkler.it\/wp-content\/uploads\/2023\/03\/IMG_8435dax-495x400.jpg 495w\" sizes=\"(max-width: 845px) 100vw, 845px\" \/><\/a><\/div><\/div><\/div><\/p><\/div>\n<style type=\"text\/css\" data-created_by=\"avia_inline_auto\" id=\"style-css-av-1kgwkp-41cfb932ff49e17c8ed634dbe2abfc36\">\n#top .hr.av-1kgwkp-41cfb932ff49e17c8ed634dbe2abfc36{\nmargin-top:50px;\nmargin-bottom:80px;\n}\n.hr.av-1kgwkp-41cfb932ff49e17c8ed634dbe2abfc36 .hr-inner{\nwidth:50px;\nborder-color:#939393;\n}\n<\/style>\n<div  class='hr av-1kgwkp-41cfb932ff49e17c8ed634dbe2abfc36 hr-custom  avia-builder-el-27  el_after_av_one_third  avia-builder-el-last  hr-center hr-icon-no'><span class='hr-inner inner-border-av-border-fat'><span class=\"hr-inner-style\"><\/span><\/span><\/div>\n<\/div><\/div><\/div><!-- close content main div --><\/div><\/div><div id='after_section_1'  class='main_color av_default_container_wrap container_wrap sidebar_right'  ><div class='container av-section-cont-open' ><div class='template-page content  av-content-small alpha units'><div class='post-entry post-entry-type-page post-entry-4966'><div class='entry-content-wrapper clearfix'>\n","protected":false},"excerpt":{"rendered":"","protected":false},"author":1,"featured_media":0,"parent":0,"menu_order":0,"comment_status":"open","ping_status":"closed","template":"","meta":{"footnotes":""},"class_list":["post-4966","page","type-page","status-publish","hentry"],"yoast_head":"<!-- This site is optimized with the Yoast SEO plugin v23.4 - https:\/\/yoast.com\/wordpress\/plugins\/seo\/ -->\n<title>Home - Winkler Cura degli Alberi<\/title>\n<meta name=\"robots\" content=\"index, follow, max-snippet:-1, max-image-preview:large, max-video-preview:-1\" \/>\n<link rel=\"canonical\" href=\"https:\/\/www.baumpflege-winkler.it\/it\/\" \/>\n<meta property=\"og:locale\" content=\"it_IT\" \/>\n<meta property=\"og:type\" content=\"article\" \/>\n<meta property=\"og:title\" content=\"Home - Winkler Cura degli Alberi\" \/>\n<meta property=\"og:url\" content=\"https:\/\/www.baumpflege-winkler.it\/it\/\" \/>\n<meta property=\"og:site_name\" content=\"Winkler Cura degli Alberi\" \/>\n<meta property=\"article:publisher\" content=\"https:\/\/www.facebook.com\/pg\/garten.winkler\/about\/\" \/>\n<meta property=\"article:modified_time\" content=\"2023-03-17T11:23:19+00:00\" \/>\n<meta property=\"og:image\" content=\"http:\/\/103246.web.zcom.it\/wp-content\/uploads\/2023\/03\/Fabian_500.jpg\" \/>\n<meta name=\"twitter:card\" content=\"summary_large_image\" \/>\n<meta name=\"twitter:label1\" content=\"Tempo di lettura stimato\" \/>\n\t<meta name=\"twitter:data1\" content=\"28 minuti\" \/>\n<script type=\"application\/ld+json\" class=\"yoast-schema-graph\">{\"@context\":\"https:\/\/schema.org\",\"@graph\":[{\"@type\":\"WebPage\",\"@id\":\"https:\/\/www.baumpflege-winkler.it\/it\/\",\"url\":\"https:\/\/www.baumpflege-winkler.it\/it\/\",\"name\":\"Home - Winkler Cura degli Alberi\",\"isPartOf\":{\"@id\":\"https:\/\/www.baumpflege-winkler.it\/#website\"},\"primaryImageOfPage\":{\"@id\":\"https:\/\/www.baumpflege-winkler.it\/it\/#primaryimage\"},\"image\":{\"@id\":\"https:\/\/www.baumpflege-winkler.it\/it\/#primaryimage\"},\"thumbnailUrl\":\"http:\/\/103246.web.zcom.it\/wp-content\/uploads\/2023\/03\/Fabian_500.jpg\",\"datePublished\":\"2015-07-14T12:50:10+00:00\",\"dateModified\":\"2023-03-17T11:23:19+00:00\",\"breadcrumb\":{\"@id\":\"https:\/\/www.baumpflege-winkler.it\/it\/#breadcrumb\"},\"inLanguage\":\"it-IT\",\"potentialAction\":[{\"@type\":\"ReadAction\",\"target\":[\"https:\/\/www.baumpflege-winkler.it\/it\/\"]}]},{\"@type\":\"ImageObject\",\"inLanguage\":\"it-IT\",\"@id\":\"https:\/\/www.baumpflege-winkler.it\/it\/#primaryimage\",\"url\":\"http:\/\/103246.web.zcom.it\/wp-content\/uploads\/2023\/03\/Fabian_500.jpg\",\"contentUrl\":\"http:\/\/103246.web.zcom.it\/wp-content\/uploads\/2023\/03\/Fabian_500.jpg\"},{\"@type\":\"BreadcrumbList\",\"@id\":\"https:\/\/www.baumpflege-winkler.it\/it\/#breadcrumb\",\"itemListElement\":[{\"@type\":\"ListItem\",\"position\":1,\"name\":\"Startseite\",\"item\":\"https:\/\/www.baumpflege-winkler.it\/it\/\"},{\"@type\":\"ListItem\",\"position\":2,\"name\":\"Home\"}]},{\"@type\":\"WebSite\",\"@id\":\"https:\/\/www.baumpflege-winkler.it\/#website\",\"url\":\"https:\/\/www.baumpflege-winkler.it\/\",\"name\":\"Winkler Cura degli Alberi\",\"description\":\"\",\"publisher\":{\"@id\":\"https:\/\/www.baumpflege-winkler.it\/#organization\"},\"potentialAction\":[{\"@type\":\"SearchAction\",\"target\":{\"@type\":\"EntryPoint\",\"urlTemplate\":\"https:\/\/www.baumpflege-winkler.it\/?s={search_term_string}\"},\"query-input\":{\"@type\":\"PropertyValueSpecification\",\"valueRequired\":true,\"valueName\":\"search_term_string\"}}],\"inLanguage\":\"it-IT\"},{\"@type\":\"Organization\",\"@id\":\"https:\/\/www.baumpflege-winkler.it\/#organization\",\"name\":\"Winkler Fabian\",\"url\":\"https:\/\/www.baumpflege-winkler.it\/\",\"logo\":{\"@type\":\"ImageObject\",\"inLanguage\":\"it-IT\",\"@id\":\"https:\/\/www.baumpflege-winkler.it\/#\/schema\/logo\/image\/\",\"url\":\"https:\/\/www.baumpflege-winkler.it\\r\\n\/wp-content\/uploads\/2023\/03\/Logo_Winkler_Baumpflege_500.png\",\"contentUrl\":\"https:\/\/www.baumpflege-winkler.it\\r\\n\/wp-content\/uploads\/2023\/03\/Logo_Winkler_Baumpflege_500.png\",\"width\":500,\"height\":129,\"caption\":\"Winkler Fabian\"},\"image\":{\"@id\":\"https:\/\/www.baumpflege-winkler.it\/#\/schema\/logo\/image\/\"},\"sameAs\":[\"https:\/\/www.facebook.com\/pg\/garten.winkler\/about\/\",\"https:\/\/www.instagram.com\/gartenwinkler\/\"]}]}<\/script>\n<!-- \/ Yoast SEO plugin. -->","yoast_head_json":{"title":"Home - Winkler Cura degli Alberi","robots":{"index":"index","follow":"follow","max-snippet":"max-snippet:-1","max-image-preview":"max-image-preview:large","max-video-preview":"max-video-preview:-1"},"canonical":"https:\/\/www.baumpflege-winkler.it\/it\/","og_locale":"it_IT","og_type":"article","og_title":"Home - Winkler Cura degli Alberi","og_url":"https:\/\/www.baumpflege-winkler.it\/it\/","og_site_name":"Winkler Cura degli Alberi","article_publisher":"https:\/\/www.facebook.com\/pg\/garten.winkler\/about\/","article_modified_time":"2023-03-17T11:23:19+00:00","og_image":[{"url":"http:\/\/103246.web.zcom.it\/wp-content\/uploads\/2023\/03\/Fabian_500.jpg"}],"twitter_card":"summary_large_image","twitter_misc":{"Tempo di lettura stimato":"28 minuti"},"schema":{"@context":"https:\/\/schema.org","@graph":[{"@type":"WebPage","@id":"https:\/\/www.baumpflege-winkler.it\/it\/","url":"https:\/\/www.baumpflege-winkler.it\/it\/","name":"Home - Winkler Cura degli Alberi","isPartOf":{"@id":"https:\/\/www.baumpflege-winkler.it\/#website"},"primaryImageOfPage":{"@id":"https:\/\/www.baumpflege-winkler.it\/it\/#primaryimage"},"image":{"@id":"https:\/\/www.baumpflege-winkler.it\/it\/#primaryimage"},"thumbnailUrl":"http:\/\/103246.web.zcom.it\/wp-content\/uploads\/2023\/03\/Fabian_500.jpg","datePublished":"2015-07-14T12:50:10+00:00","dateModified":"2023-03-17T11:23:19+00:00","breadcrumb":{"@id":"https:\/\/www.baumpflege-winkler.it\/it\/#breadcrumb"},"inLanguage":"it-IT","potentialAction":[{"@type":"ReadAction","target":["https:\/\/www.baumpflege-winkler.it\/it\/"]}]},{"@type":"ImageObject","inLanguage":"it-IT","@id":"https:\/\/www.baumpflege-winkler.it\/it\/#primaryimage","url":"http:\/\/103246.web.zcom.it\/wp-content\/uploads\/2023\/03\/Fabian_500.jpg","contentUrl":"http:\/\/103246.web.zcom.it\/wp-content\/uploads\/2023\/03\/Fabian_500.jpg"},{"@type":"BreadcrumbList","@id":"https:\/\/www.baumpflege-winkler.it\/it\/#breadcrumb","itemListElement":[{"@type":"ListItem","position":1,"name":"Startseite","item":"https:\/\/www.baumpflege-winkler.it\/it\/"},{"@type":"ListItem","position":2,"name":"Home"}]},{"@type":"WebSite","@id":"https:\/\/www.baumpflege-winkler.it\/#website","url":"https:\/\/www.baumpflege-winkler.it\/","name":"Winkler Cura degli Alberi","description":"","publisher":{"@id":"https:\/\/www.baumpflege-winkler.it\/#organization"},"potentialAction":[{"@type":"SearchAction","target":{"@type":"EntryPoint","urlTemplate":"https:\/\/www.baumpflege-winkler.it\/?s={search_term_string}"},"query-input":{"@type":"PropertyValueSpecification","valueRequired":true,"valueName":"search_term_string"}}],"inLanguage":"it-IT"},{"@type":"Organization","@id":"https:\/\/www.baumpflege-winkler.it\/#organization","name":"Winkler Fabian","url":"https:\/\/www.baumpflege-winkler.it\/","logo":{"@type":"ImageObject","inLanguage":"it-IT","@id":"https:\/\/www.baumpflege-winkler.it\/#\/schema\/logo\/image\/","url":"https:\/\/www.baumpflege-winkler.it\r\n\/wp-content\/uploads\/2023\/03\/Logo_Winkler_Baumpflege_500.png","contentUrl":"https:\/\/www.baumpflege-winkler.it\r\n\/wp-content\/uploads\/2023\/03\/Logo_Winkler_Baumpflege_500.png","width":500,"height":129,"caption":"Winkler Fabian"},"image":{"@id":"https:\/\/www.baumpflege-winkler.it\/#\/schema\/logo\/image\/"},"sameAs":["https:\/\/www.facebook.com\/pg\/garten.winkler\/about\/","https:\/\/www.instagram.com\/gartenwinkler\/"]}]}},"_links":{"self":[{"href":"https:\/\/www.baumpflege-winkler.it\/it\/wp-json\/wp\/v2\/pages\/4966","targetHints":{"allow":["GET"]}}],"collection":[{"href":"https:\/\/www.baumpflege-winkler.it\/it\/wp-json\/wp\/v2\/pages"}],"about":[{"href":"https:\/\/www.baumpflege-winkler.it\/it\/wp-json\/wp\/v2\/types\/page"}],"author":[{"embeddable":true,"href":"https:\/\/www.baumpflege-winkler.it\/it\/wp-json\/wp\/v2\/users\/1"}],"replies":[{"embeddable":true,"href":"https:\/\/www.baumpflege-winkler.it\/it\/wp-json\/wp\/v2\/comments?post=4966"}],"version-history":[{"count":9,"href":"https:\/\/www.baumpflege-winkler.it\/it\/wp-json\/wp\/v2\/pages\/4966\/revisions"}],"predecessor-version":[{"id":4979,"href":"https:\/\/www.baumpflege-winkler.it\/it\/wp-json\/wp\/v2\/pages\/4966\/revisions\/4979"}],"wp:attachment":[{"href":"https:\/\/www.baumpflege-winkler.it\/it\/wp-json\/wp\/v2\/media?parent=4966"}],"curies":[{"name":"wp","href":"https:\/\/api.w.org\/{rel}","templated":true}]}}